{"id":900,"date":"2016-01-09T21:47:29","date_gmt":"2016-01-09T21:47:29","guid":{"rendered":"https:\/\/vesnajanko.eu\/?page_id=900"},"modified":"2026-02-24T18:17:42","modified_gmt":"2026-02-24T17:17:42","slug":"6-31-geografski-smjestaj-i-polozaj-azije","status":"publish","type":"page","link":"https:\/\/vesnajanko.eu\/?page_id=900","title":{"rendered":"Veli\u010dina, geografski smje\u0161taj i polo\u017eaj, regije Afrike"},"content":{"rendered":"\n<p><span style=\"text-decoration: underline;\">Uvod<\/span><\/p>\n\n\n\n<p>Pogledaj glazbeni <strong><a href=\"https:\/\/youtu.be\/EpHQAw6eCOY\" target=\"_blank\" rel=\"noreferrer noopener\">video<\/a><\/strong>.<\/p>\n\n\n\n<p>Kako nas glazba povezuje s Afrikom?<\/p>\n\n\n\n<p><span style=\"text-decoration: underline;\">Glavni dio sata<\/span><\/p>\n\n\n\n<p class=\"has-pale-ocean-gradient-background has-background\">Rad u aplikaciji Nearpod, pogledaj <a href=\"https:\/\/docs.google.com\/presentation\/d\/e\/2PACX-1vQ0k0FyaWmnlZwAB4lahgX20IpuUFIuGO9Q297z2SdR_70ytRWPNzvFEMCf1m_SaJ1xkQv_3RVyvv1v\/pub?start=false&amp;loop=false&amp;delayms=3000\" target=\"_blank\" rel=\"noopener noreferrer\"><strong>radni materijal<\/strong><\/a>.<\/p>\n\n\n\n<iframe loading=\"lazy\" src=\"https:\/\/docs.google.com\/presentation\/d\/e\/2PACX-1vS56PjmyDFRB_tN_kApZfYpKtLyUqLPQrkAcvoY2gX_tvYBY7yqSUIX4fneUBAVJyATcwuDsykPXOad\/embed?start=false&#038;loop=false&#038;delayms=3000\" frameborder=\"0\" width=\"960\" height=\"569\" allowfullscreen=\"true\" mozallowfullscreen=\"true\" webkitallowfullscreen=\"true\"><\/iframe>\n\n\n\n<p><span style=\"text-decoration: underline;\">Ponavljanje<\/span><\/p>\n\n\n\n<p><a href=\"https:\/\/learningapps.org\/watch?v=p23jvn7ak19\" target=\"_blank\" rel=\"noopener noreferrer\">Vje\u017eba na karti<\/a><\/p>\n\n\n\n<h4 class=\"wp-block-heading has-pale-cyan-blue-background-color has-background\">&nbsp;Geobilje\u0161ke<\/h4>\n\n\n\n<p class=\"has-text-align-center\">Veli\u010dina, geografski smje\u0161taj i polo\u017eaj, regije Afrike<\/p>\n\n\n\n<p>\u2013 drugi kontinent po veli\u010dini (30 mil. km<sup>2<\/sup>)<br>\u2013 prostire se <strong>na sve \u010detiri Zemljine polutke<\/strong><strong><br><\/strong>\u2013 <strong>dobar prometni polo\u017eaj<\/strong> \u2013 blizu Europe i Azije<br>\u2013 Sjeverna Afrika je dio Starog svijeta, ju\u017eno od Sahare dio je Novog svijeta<br>\u2013 u otkrivanju Afrike sudjelovali i Hrvati (<strong>Dragutin Lerman, Mirko i Stjepko Seljan<\/strong>)<br>&#8211; regije: Sjeverna, Srednja, Isto\u010dna, Zapadna i Ju\u017ena Afrika<\/p>\n","protected":false},"excerpt":{"rendered":"<p>Uvod Pogledaj glazbeni video. Kako nas glazba povezuje s Afrikom? Glavni dio sata Rad u aplikaciji Nearpod, pogledaj radni materijal. Ponavljanje Vje\u017eba na karti &nbsp;Geobilje\u0161ke Veli\u010dina, geografski smje\u0161taj i polo\u017eaj, regije Afrike \u2013 drugi kontinent po veli\u010dini (30 mil. km2)\u2013 prostire se na sve \u010detiri Zemljine polutke\u2013 dobar prometni polo\u017eaj&#8230; <a href=\"https:\/\/vesnajanko.eu\/?page_id=900\" class=\"readmore\">Vi\u0161e<span class=\"screen-reader-text\">&#8220;Veli\u010dina, geografski smje\u0161taj i polo\u017eaj, regije Afrike&#8221;<\/span><\/a><\/p>\n","protected":false},"author":1,"featured_media":0,"parent":7245,"menu_order":0,"comment_status":"closed","ping_status":"closed","template":"templates\/page-full-width.php","meta":{"footnotes":""},"class_list":["post-900","page","type-page","status-publish","hentry"],"_links":{"self":[{"href":"https:\/\/vesnajanko.eu\/index.php?rest_route=\/wp\/v2\/pages\/900","targetHints":{"allow":["GET"]}}],"collection":[{"href":"https:\/\/vesnajanko.eu\/index.php?rest_route=\/wp\/v2\/pages"}],"about":[{"href":"https:\/\/vesnajanko.eu\/index.php?rest_route=\/wp\/v2\/types\/page"}],"author":[{"embeddable":true,"href":"https:\/\/vesnajanko.eu\/index.php?rest_route=\/wp\/v2\/users\/1"}],"replies":[{"embeddable":true,"href":"https:\/\/vesnajanko.eu\/index.php?rest_route=%2Fwp%2Fv2%2Fcomments&post=900"}],"version-history":[{"count":33,"href":"https:\/\/vesnajanko.eu\/index.php?rest_route=\/wp\/v2\/pages\/900\/revisions"}],"predecessor-version":[{"id":10236,"href":"https:\/\/vesnajanko.eu\/index.php?rest_route=\/wp\/v2\/pages\/900\/revisions\/10236"}],"up":[{"embeddable":true,"href":"https:\/\/vesnajanko.eu\/index.php?rest_route=\/wp\/v2\/pages\/7245"}],"wp:attachment":[{"href":"https:\/\/vesnajanko.eu\/index.php?rest_route=%2Fwp%2Fv2%2Fmedia&parent=900"}],"curies":[{"name":"wp","href":"https:\/\/api.w.org\/{rel}","templated":true}]}}